{"id":65,"date":"2021-01-13T20:34:23","date_gmt":"2021-01-13T20:34:23","guid":{"rendered":"https:\/\/mernokvagyok.hu\/epitesi\/?page_id=65"},"modified":"2022-04-08T06:46:38","modified_gmt":"2022-04-08T06:46:38","slug":"muszaki-eloirasok-jogszabalyok-tervezetei-es-velemenyezese","status":"publish","type":"page","link":"https:\/\/mernokvagyok.hu\/epitesi\/muszaki-eloirasok-jogszabalyok-tervezetei-es-velemenyezese\/","title":{"rendered":"M\u0171szaki el\u0151\u00edr\u00e1sok, jogszab\u00e1lyok tervezetei \u00e9s v\u00e9lem\u00e9nyez\u00e9se"},"content":{"rendered":"\n<p>Tisztelt \u00c9rdekl\u0151d\u0151!<\/p>\n\n\n\n<p>Az \u00c9MSZB&nbsp;Titk\u00e1rs\u00e1ga megk\u00fcld\u00f6tt n\u00e9gy darab \u00faj m\u0171szaki ir\u00e1nyelv tervezetet v\u00e9lem\u00e9nyez\u00e9sre.&nbsp;<\/p>\n\n\n\n<ol class=\"wp-block-list\" type=\"1\"><li><em>Red\u0151ny\u00f6k alkalmaz\u00e1si el\u0151\u00edr\u00e1sai<\/em>&nbsp;c\u00edm\u0171 \u00e9p\u00edt\u00e9s\u00fcgyi m\u0171szaki ir\u00e1nyelv-tervezet<\/li><li><em>Az \u00e9letciklus-elemz\u00e9s lehets\u00e9ges m\u00f3dszerei \u00e9s \u00e9rt\u00e9kel\u00e9si szempontjai<\/em>&nbsp;c\u00edm\u0171 \u00e9p\u00edt\u00e9s\u00fcgyi m\u0171szaki ir\u00e1nyelv-tervezet<\/li><li><em>Falazott szerkezetek vizsg\u00e1lata<\/em>&nbsp;c\u00edm\u0171 \u00e9p\u00edt\u00e9s\u00fcgyi m\u0171szaki ir\u00e1nyelv-tervezet<\/li><li><em>Erk\u00e9lyek, teraszok, f\u00fcgg\u0151folyos\u00f3k fel\u00faj\u00edt\u00e1s\u00e1nak tervez\u00e9se \u00e9s kivitelez\u00e9se<\/em>&nbsp;c\u00edm\u0171 \u00e9p\u00edt\u00e9s\u00fcgyi m\u0171szaki ir\u00e1nyelv-tervezet<\/li><\/ol>\n\n\n\n<p>Az ir\u00e1nyelv tervezetek az al\u00e1bbi linken kereszt\u00fcl \u00e9rhet\u0151k el 2022. \u00e1prilis 13-ig:&nbsp;<\/p>\n\n\n\n<p><a href=\"https:\/\/wetransfer.com\/downloads\/dbeef2fefd342c53dc1eaf7bcf66dcdd20220406165357\/95e61d17b133668810ca96b9e32ac57320220406165443\/9e5906\">https:\/\/wetransfer.com\/downloads\/dbeef2fefd342c53dc1eaf7bcf66dcdd20220406165357\/95e61d17b133668810ca96b9e32ac57320220406165443\/9e5906<\/a><\/p>\n\n\n\n<p>Tisztelettel k\u00e9rem, hogy a fenti ir\u00e1nyelvekkel kapcsolatos esetleges v\u00e9lem\u00e9ny\u00fcket, \u00e9szrev\u00e9teleiket, javaslataikat &#8211; lehet\u0151s\u00e9g szerint korrekt\u00far\u00e1s form\u00e1ban &#8211; fel\u00e9m legk\u00e9s\u0151bb&nbsp;2022. \u00e1prilis 18-ig megk\u00fcldeni sz\u00edveskedjetek, hogy azokat az \u00c9MSZB&nbsp;Titk\u00e1rs\u00e1g fel\u00e9 tov\u00e1bb\u00edthassam.&nbsp;&nbsp;<\/p>\n\n\n\n<p>Az egy\u00fcttm\u0171k\u00f6d\u00e9st el\u0151re is k\u00f6sz\u00f6n\u00f6m.&nbsp;<\/p>\n\n\n\n<p>Tisztelettel,&nbsp;<\/p>\n\n\n\n<p>Csermely G\u00e1bor<\/p>\n\n\n\n<p>okl. \u00e9p\u00edt\u0151m\u00e9rn\u00f6k<\/p>\n\n\n\n<p>okl. igazs\u00e1g\u00fcgyi szak\u00e9rt\u0151<\/p>\n\n\n\n<p><a href=\"mailto:gcsermely58@gmail.com\" target=\"_blank\" rel=\"noreferrer noopener\">gcsermely58@gmail.com<\/a><\/p>\n\n\n\n<p>+36 20 277 3133<\/p>\n","protected":false},"excerpt":{"rendered":"<p>Tisztelt \u00c9rdekl\u0151d\u0151! Az \u00c9MSZB&nbsp;Titk\u00e1rs\u00e1ga megk\u00fcld\u00f6tt n\u00e9gy darab \u00faj m\u0171szaki ir\u00e1nyelv tervezetet v\u00e9lem\u00e9nyez\u00e9sre.&nbsp; Red\u0151ny\u00f6k alkalmaz\u00e1si el\u0151\u00edr\u00e1sai&nbsp;c\u00edm\u0171 \u00e9p\u00edt\u00e9s\u00fcgyi m\u0171szaki ir\u00e1nyelv-tervezet Az \u00e9letciklus-elemz\u00e9s lehets\u00e9ges m\u00f3dszerei \u00e9s \u00e9rt\u00e9kel\u00e9si szempontjai&nbsp;c\u00edm\u0171 \u00e9p\u00edt\u00e9s\u00fcgyi m\u0171szaki ir\u00e1nyelv-tervezet Falazott szerkezetek vizsg\u00e1lata&nbsp;c\u00edm\u0171 \u00e9p\u00edt\u00e9s\u00fcgyi m\u0171szaki ir\u00e1nyelv-tervezet Erk\u00e9lyek, teraszok, f\u00fcgg\u0151folyos\u00f3k fel\u00faj\u00edt\u00e1s\u00e1nak tervez\u00e9se \u00e9s kivitelez\u00e9se&nbsp;c\u00edm\u0171 \u00e9p\u00edt\u00e9s\u00fcgyi m\u0171szaki ir\u00e1nyelv-tervezet Az ir\u00e1nyelv tervezetek az al\u00e1bbi linken kereszt\u00fcl \u00e9rhet\u0151k el 2022. \u00e1prilis [&hellip;]<\/p>\n","protected":false},"author":871,"featured_media":0,"parent":0,"menu_order":0,"comment_status":"closed","ping_status":"closed","template":"","meta":{"footnotes":""},"class_list":["post-65","page","type-page","status-publish","hentry"],"_links":{"self":[{"href":"https:\/\/mernokvagyok.hu\/epitesi\/wp-json\/wp\/v2\/pages\/65","targetHints":{"allow":["GET"]}}],"collection":[{"href":"https:\/\/mernokvagyok.hu\/epitesi\/wp-json\/wp\/v2\/pages"}],"about":[{"href":"https:\/\/mernokvagyok.hu\/epitesi\/wp-json\/wp\/v2\/types\/page"}],"author":[{"embeddable":true,"href":"https:\/\/mernokvagyok.hu\/epitesi\/wp-json\/wp\/v2\/users\/871"}],"replies":[{"embeddable":true,"href":"https:\/\/mernokvagyok.hu\/epitesi\/wp-json\/wp\/v2\/comments?post=65"}],"version-history":[{"count":3,"href":"https:\/\/mernokvagyok.hu\/epitesi\/wp-json\/wp\/v2\/pages\/65\/revisions"}],"predecessor-version":[{"id":1456,"href":"https:\/\/mernokvagyok.hu\/epitesi\/wp-json\/wp\/v2\/pages\/65\/revisions\/1456"}],"wp:attachment":[{"href":"https:\/\/mernokvagyok.hu\/epitesi\/wp-json\/wp\/v2\/media?parent=65"}],"curies":[{"name":"wp","href":"https:\/\/api.w.org\/{rel}","templated":true}]}}