{"id":30,"date":"2021-01-13T20:26:39","date_gmt":"2021-01-13T20:26:39","guid":{"rendered":"https:\/\/mernokvagyok.hu\/epitesi\/?page_id=30"},"modified":"2025-11-20T19:27:32","modified_gmt":"2025-11-20T19:27:32","slug":"tagozati-bemutatkozas-tortenet-szakmai-tevekenyseg-merfoldkovek","status":"publish","type":"page","link":"https:\/\/mernokvagyok.hu\/epitesi\/tagozati-bemutatkozas-tortenet-szakmai-tevekenyseg-merfoldkovek\/","title":{"rendered":"Tagozati bemutatkoz\u00e1s"},"content":{"rendered":"\n<p>Tisztelt Koll\u00e9gan\u0151k, Koll\u00e9ga Urak, kedves Bar\u00e1taink!<\/p>\n\n\n\n<p>\u00d6n\u00f6k az MMK \u00c9p\u00edt\u00e9si Tagozat\u00e1nak honlapj\u00e1t l\u00e1tj\u00e1k. Ezen kereszt\u00fcl nagyobb lehet\u0151s\u00e9g\u00fcnk van arra, hogy besz\u00e1moljunk szakmai tev\u00e9kenys\u00e9g\u00fcnkr\u0151l, munk\u00e1nkr\u00f3l, megismerj\u00fck egym\u00e1s gondolatait, ismereteket \u00e9s v\u00e9lem\u00e9nyt is cser\u00e9lj\u00fcnk. Rem\u00e9lj\u00fck, hogy sz\u00e9lesebb k\u00f6rb\u0151l vehetj\u00fck figyelembe azokat a gondolatokat, felvet\u00e9seket, amelyek seg\u00edthetik kamarai munk\u00e1nk, szolg\u00e1ltat\u00f3 tev\u00e9kenys\u00e9g\u00fcnk jobb\u00edt\u00e1s\u00e1t, annak fejleszt\u00e9si ir\u00e1nyait \u00e9s tagjaink is jobban eligazodhatnak a Magyar M\u00e9rn\u00f6ki Kamra \u00e1ltal ny\u00fajtott el\u0151ny\u00f6k k\u00f6r\u00e9ben.<\/p>\n\n\n\n<p>A Magyar M\u00e9rn\u00f6ki Kamara hagyom\u00e1nyosan, illetve a magyar \u00e9p\u00edt\u00e9szetr\u0151l sz\u00f3l\u00f3 2023. \u00e9vi C. t\u00f6rv\u00e9ny el\u0151\u00edr\u00e1sai szerint is k\u00e9t nagy m\u0171k\u00f6d\u00e9si ter\u00fcletre oszthat\u00f3: a ter\u00fcleti \/ v\u00e1rmegyei kamar\u00e1k \u00e9s a szakmai tagozatok. A ter\u00fcleti kamar\u00e1k v\u00e1rmegy\u00e9nk\u00e9nt v\u00e9gzik munk\u00e1jukat, alapvet\u0151en e szervezetekhez tartoznak a kamarai tags\u00e1ggal rendelkez\u0151 m\u00e9rn\u00f6k\u00f6k \u00e9s a kamarai nyilv\u00e1ntart\u00e1sokban szerepl\u0151 m\u00e1s szakemberek. A szakmai tagozatok a m\u00e9rn\u00f6ki szak\u00e1gak szerint vannak csoportos\u00edtva, hiszen a Magyar M\u00e9rn\u00f6ki Kamara a legk\u00fcl\u00f6nb\u00f6z\u0151bb szakm\u00e1j\u00fa m\u00e9rn\u00f6k\u00f6ket k\u00e9pviseli: tagjai k\u00f6z\u00f6tt megtal\u00e1lhat\u00f3k az \u00e9p\u00edt\u0151m\u00e9rn\u00f6k\u00f6kt\u0151l, \u00e9p\u00edt\u00e9szm\u00e9rn\u00f6k\u00f6kt\u0151l kezdve az energetikai ter\u00fclettel foglalkoz\u00f3kon kereszt\u00fcl a biomechanikai tev\u00e9kenys\u00e9get v\u00e9gz\u0151 m\u00e9rn\u00f6k\u00f6kig minden szakter\u00fclet, \u00f6sszesen 19 szakmai tagozatba szervez\u0151dve. Ezen szakmai tagozatok legn\u00e9pesebbje az \u00c9p\u00edt\u00e9si Tagozat: tagjai tervez\u0151k, szak\u00e9rt\u0151k, felel\u0151s m\u0171szaki vezet\u0151k \u00e9s \u00e9p\u00edt\u00e9si m\u0171szaki ellen\u0151r\u00f6k. &nbsp;<\/p>\n\n\n\n<p>A Magyar M\u00e9rn\u00f6ki Kamara k\u00f6ztest\u00fcleti feladatai mellett t\u00e1mogatja a m\u00e9rn\u00f6k\u00f6k innovat\u00edv, fejleszt\u0151, alkot\u00f3 tev\u00e9kenys\u00e9g\u00e9t, el\u0151seg\u00edti \u00e9rv\u00e9nyes\u00fcl\u00e9s\u00fcket. Hagyom\u00e1nyosan jellemz\u0151 a m\u00e9rn\u00f6k\u00f6ket foglalkoztat\u00f3 gondolatok megvitat\u00e1sa, eszmecser\u00e9k lefolytat\u00e1sa, szakmai aj\u00e1nl\u00e1sok, ir\u00e1nymutat\u00e1sok k\u00f6zz\u00e9t\u00e9tele \u00e9s tagjai r\u00e9v\u00e9n ezzel is el\u0151seg\u00edti a magasabb szint\u0171 fejleszt\u00e9seket, alkot\u00e1sokat, a j\u00f3 szakmai gyakorlatok elterjeszt\u00e9s\u00e9t.<\/p>\n\n\n\n<p>Az \u00c9p\u00edt\u00e9si Tagozat feladatait, munk\u00e1j\u00e1t, tev\u00e9kenys\u00e9g\u00e9t a tagozat \u00dcgyrendje szerint v\u00e9gzi \u2013 l\u00e1sd <a href=\"https:\/\/mernokvagyok.hu\/epitesi\/wp-content\/uploads\/2025\/10\/Az-Epitesi-Tagozat-2025-evben-jovahagyott-ugyrendje-1_compressed-compressed.pdf\" target=\"_blank\" rel=\"noreferrer noopener\">link<\/a>.<\/p>\n\n\n\n<p>A tagozatot az Eln\u00f6ks\u00e9g ir\u00e1ny\u00edtja, amely eln\u00f6kb\u0151l, k\u00e9t aleln\u00f6kb\u0151l \u00e9s az eln\u00f6ks\u00e9gi tagokb\u00f3l \u00e1ll, akik a tagozathoz tartoz\u00f3 szakter\u00fcletek tapasztalt k\u00e9pvisel\u0151i. Az eln\u00f6ks\u00e9g havonta tartja \u00fcl\u00e9seit, az ezekr\u0151l k\u00e9sz\u00fclt eml\u00e9keztet\u0151ket is k\u00f6zz\u00e9tessz\u00fck a tagozat honlapj\u00e1n \u2013 l\u00e1sd <a href=\"https:\/\/mernokvagyok.hu\/epitesi\/ulesek-jegyzokonyvei\/\" target=\"_blank\" rel=\"noreferrer noopener\">link.<\/a><\/p>\n\n\n\n<p>A tagozaton bel\u00fcl k\u00e9t szakoszt\u00e1ly m\u0171k\u00f6dik: a Felel\u0151s M\u0171szaki Vezet\u0151k \u00e9s az \u00c9p\u00edt\u00e9si M\u0171szaki Ellen\u0151r\u00f6k Szakoszt\u00e1lya, a Ter\u00fclet- \u00e9s Telep\u00fcl\u00e9srendez\u00e9si Szakoszt\u00e1ly. A ter\u00fcleti kamar\u00e1k keretein bel\u00fcl v\u00e9gzik munk\u00e1jukat a tagozat ter\u00fcleti szakcsoportjai. A tagozat kapcsolati rendszere igen sz\u00e9les k\u00f6r\u0171, kiterjed az egyetemekre, tervez\u0151 \u00e9s \u00e9p\u00edt\u00e9si v\u00e1llalkoz\u00e1sokra, tudom\u00e1nyos int\u00e9zetekre, a t\u00e1rs-szakmai \u00e9s t\u00e1rsadalmi szervezetekre egyar\u00e1nt; e szervezetek t\u00f6bbs\u00e9g\u00e9nek k\u00e9pvisel\u0151i megtal\u00e1lhat\u00f3k az eln\u00f6ks\u00e9g tagjai k\u00f6z\u00f6tt.<\/p>\n\n\n\n<p>A tagozat feladatait, tev\u00e9kenys\u00e9g\u00e9t r\u00e9szletesen megismerhetik a HONLAP tov\u00e1bbi fejezeteiben \u00e9s \u00e9rdekl\u0151d\u00e9ssel v\u00e1rjuk \u00e9szrev\u00e9teleiket, javaslataikat az <a href=\"mailto:epitesi.tagozat@mmk.hu\" target=\"_blank\" rel=\"noreferrer noopener\">epitesi.tagozat@mmk.hu<\/a> e-mail c\u00edm\u00e9n \u00e9s k\u00e9rj\u00fck azok jelentkez\u00e9s\u00e9t is, akik szeretn\u00e9nek r\u00e9szt venni az \u00c9p\u00edt\u00e9si Tagozat munk\u00e1j\u00e1ban.<\/p>\n\n\n\n<p>az \u00c9p\u00edt\u00e9si Tagozat eln\u00f6ke<\/p>\n","protected":false},"excerpt":{"rendered":"<p>Tisztelt Koll\u00e9gan\u0151k, Koll\u00e9ga Urak, kedves Bar\u00e1taink! \u00d6n\u00f6k az MMK \u00c9p\u00edt\u00e9si Tagozat\u00e1nak honlapj\u00e1t l\u00e1tj\u00e1k. Ezen kereszt\u00fcl nagyobb lehet\u0151s\u00e9g\u00fcnk van arra, hogy besz\u00e1moljunk szakmai tev\u00e9kenys\u00e9g\u00fcnkr\u0151l, munk\u00e1nkr\u00f3l, megismerj\u00fck egym\u00e1s gondolatait, ismereteket \u00e9s v\u00e9lem\u00e9nyt is cser\u00e9lj\u00fcnk. Rem\u00e9lj\u00fck, hogy sz\u00e9lesebb k\u00f6rb\u0151l vehetj\u00fck figyelembe azokat a gondolatokat, felvet\u00e9seket, amelyek seg\u00edthetik kamarai munk\u00e1nk, szolg\u00e1ltat\u00f3 tev\u00e9kenys\u00e9g\u00fcnk jobb\u00edt\u00e1s\u00e1t, annak fejleszt\u00e9si ir\u00e1nyait \u00e9s tagjaink is [&hellip;]<\/p>\n","protected":false},"author":871,"featured_media":0,"parent":0,"menu_order":0,"comment_status":"closed","ping_status":"closed","template":"","meta":{"footnotes":""},"class_list":["post-30","page","type-page","status-publish","hentry"],"_links":{"self":[{"href":"https:\/\/mernokvagyok.hu\/epitesi\/wp-json\/wp\/v2\/pages\/30","targetHints":{"allow":["GET"]}}],"collection":[{"href":"https:\/\/mernokvagyok.hu\/epitesi\/wp-json\/wp\/v2\/pages"}],"about":[{"href":"https:\/\/mernokvagyok.hu\/epitesi\/wp-json\/wp\/v2\/types\/page"}],"author":[{"embeddable":true,"href":"https:\/\/mernokvagyok.hu\/epitesi\/wp-json\/wp\/v2\/users\/871"}],"replies":[{"embeddable":true,"href":"https:\/\/mernokvagyok.hu\/epitesi\/wp-json\/wp\/v2\/comments?post=30"}],"version-history":[{"count":56,"href":"https:\/\/mernokvagyok.hu\/epitesi\/wp-json\/wp\/v2\/pages\/30\/revisions"}],"predecessor-version":[{"id":2898,"href":"https:\/\/mernokvagyok.hu\/epitesi\/wp-json\/wp\/v2\/pages\/30\/revisions\/2898"}],"wp:attachment":[{"href":"https:\/\/mernokvagyok.hu\/epitesi\/wp-json\/wp\/v2\/media?parent=30"}],"curies":[{"name":"wp","href":"https:\/\/api.w.org\/{rel}","templated":true}]}}