{"id":2972,"date":"2026-01-14T13:19:07","date_gmt":"2026-01-14T13:19:07","guid":{"rendered":"https:\/\/mernokvagyok.hu\/epitesi\/?page_id=2972"},"modified":"2026-01-14T13:19:08","modified_gmt":"2026-01-14T13:19:08","slug":"epitesi-tagozat-jeloltjei-a-2024-evi-kamarai-tisztsegviselo-valasztasra","status":"publish","type":"page","link":"https:\/\/mernokvagyok.hu\/epitesi\/epitesi-tagozat-jeloltjei-a-2024-evi-kamarai-tisztsegviselo-valasztasra\/","title":{"rendered":"\u00c9p\u00edt\u00e9si Tagozat jel\u00f6ltjei a 2024. \u00e9vi kamarai tiszts\u00e9gvisel\u0151 v\u00e1laszt\u00e1sra"},"content":{"rendered":"\n<p>Az \u00c9p\u00edt\u00e9si Tagozat jel\u00f6ltjei a 2024. \u00e9vi kamarai tiszts\u00e9gvisel\u0151 v\u00e1laszt\u00e1sra<\/p>\n\n\n\n<figure class=\"wp-block-image\"><img loading=\"lazy\" decoding=\"async\" width=\"250\" height=\"361\" src=\"https:\/\/mernokvagyok.hu\/epitesi\/wp-content\/uploads\/2021\/06\/wagner-1.jpg\" alt=\"\" class=\"wp-image-1216\"\/><figcaption class=\"wp-element-caption\"><a href=\"https:\/\/mernokvagyok.hu\/epitesi\/wp-content\/uploads\/2021\/06\/Wagner-Erno-bemutatkozo-e-mailhez.pdf\" target=\"_blank\" rel=\"noreferrer noopener\">Wagner Ern\u0151, eln\u00f6kjel\u00f6lt<\/a><\/figcaption><\/figure>\n\n\n\n<figure class=\"wp-block-image is-resized\"><img loading=\"lazy\" decoding=\"async\" width=\"378\" height=\"456\" src=\"https:\/\/mernokvagyok.hu\/epitesi\/wp-content\/uploads\/2021\/06\/weber.png\" alt=\"\" class=\"wp-image-1219\" style=\"width:250px;height:auto\"\/><\/figure>\n\n\n\n<p><a href=\"https:\/\/mernokvagyok.hu\/epitesi\/wp-content\/uploads\/2021\/06\/Weber-Laszlo-bemutatkozo-e-mailhez.pdf\" target=\"_blank\" rel=\"noreferrer noopener\">W\u00e9ber L\u00e1szl\u00f3, aleln\u00f6kjel\u00f6lt<\/a><\/p>\n\n\n\n<figure class=\"wp-block-image is-resized\"><img loading=\"lazy\" decoding=\"async\" width=\"284\" height=\"379\" src=\"https:\/\/mernokvagyok.hu\/epitesi\/wp-content\/uploads\/2021\/06\/zsigmondi.jpg\" alt=\"\" class=\"wp-image-1220\" style=\"width:248px;height:auto\"\/><\/figure>\n\n\n\n<p><a href=\"https:\/\/mernokvagyok.hu\/epitesi\/wp-content\/uploads\/2021\/06\/Zsigmondi-Andras-bemutatkozo-e-mailhez.pdf\" target=\"_blank\" rel=\"noreferrer noopener\">Zsigmondi Andr\u00e1s,, Fel\u00fcgyel\u0151 Bizotts\u00e1g tags\u00e1gra jel\u00f6lt<\/a><\/p>\n\n\n\n<figure class=\"wp-block-image is-resized\"><img loading=\"lazy\" decoding=\"async\" width=\"580\" height=\"867\" src=\"https:\/\/mernokvagyok.hu\/epitesi\/wp-content\/uploads\/2021\/06\/szabo.png\" alt=\"\" class=\"wp-image-1218\" style=\"width:250px;height:auto\"\/><\/figure>\n\n\n\n<p><a href=\"https:\/\/mernokvagyok.hu\/epitesi\/wp-content\/uploads\/2021\/06\/Szabo-Eva-bemuatkozo-e-maihez.pdf\" target=\"_blank\" rel=\"noreferrer noopener\">Dr. Szab\u00f3 \u00c9va Ibolya, Etikai-fegyelmi Bizotts\u00e1g tags\u00e1gra jel\u00f6lt<\/a><\/p>\n\n\n\n<figure class=\"wp-block-image is-resized\"><img loading=\"lazy\" decoding=\"async\" width=\"102\" height=\"110\" src=\"https:\/\/mernokvagyok.hu\/epitesi\/wp-content\/uploads\/2021\/06\/img.png\" alt=\"\" class=\"wp-image-1221\" style=\"width:251px;height:auto\"\/><\/figure>\n\n\n\n<p><a href=\"https:\/\/mernokvagyok.hu\/epitesi\/wp-content\/uploads\/2021\/06\/Harkai-Balazs-bemutatkozo-e-mailhez.pdf\" target=\"_blank\" rel=\"noreferrer noopener\">Harkai Bal\u00e1zs, eln\u00f6ks\u00e9gi tags\u00e1gra jel\u00f6lt<\/a><\/p>\n\n\n\n<figure class=\"wp-block-image is-resized\"><img loading=\"lazy\" decoding=\"async\" width=\"229\" height=\"239\" src=\"https:\/\/mernokvagyok.hu\/epitesi\/wp-content\/uploads\/2021\/06\/bocz.png\" alt=\"\" class=\"wp-image-1250\" style=\"width:254px;height:auto\"\/><\/figure>\n\n\n\n<p><a href=\"https:\/\/mernokvagyok.hu\/epitesi\/wp-content\/uploads\/2021\/06\/Bocz-Gabor-bemutatkozo-e-mailhez.pdf\" target=\"_blank\" rel=\"noreferrer noopener\">Bocz G\u00e1bor, eln\u00f6ks\u00e9gi tags\u00e1gra jel\u00f6lt<\/a><\/p>\n","protected":false},"excerpt":{"rendered":"<p>Az \u00c9p\u00edt\u00e9si Tagozat jel\u00f6ltjei a 2024. \u00e9vi kamarai tiszts\u00e9gvisel\u0151 v\u00e1laszt\u00e1sra W\u00e9ber L\u00e1szl\u00f3, aleln\u00f6kjel\u00f6lt Zsigmondi Andr\u00e1s,, Fel\u00fcgyel\u0151 Bizotts\u00e1g tags\u00e1gra jel\u00f6lt Dr. Szab\u00f3 \u00c9va Ibolya, Etikai-fegyelmi Bizotts\u00e1g tags\u00e1gra jel\u00f6lt Harkai Bal\u00e1zs, eln\u00f6ks\u00e9gi tags\u00e1gra jel\u00f6lt Bocz G\u00e1bor, eln\u00f6ks\u00e9gi tags\u00e1gra jel\u00f6lt<\/p>\n","protected":false},"author":4,"featured_media":0,"parent":0,"menu_order":0,"comment_status":"closed","ping_status":"closed","template":"","meta":{"footnotes":""},"class_list":["post-2972","page","type-page","status-publish","hentry"],"_links":{"self":[{"href":"https:\/\/mernokvagyok.hu\/epitesi\/wp-json\/wp\/v2\/pages\/2972","targetHints":{"allow":["GET"]}}],"collection":[{"href":"https:\/\/mernokvagyok.hu\/epitesi\/wp-json\/wp\/v2\/pages"}],"about":[{"href":"https:\/\/mernokvagyok.hu\/epitesi\/wp-json\/wp\/v2\/types\/page"}],"author":[{"embeddable":true,"href":"https:\/\/mernokvagyok.hu\/epitesi\/wp-json\/wp\/v2\/users\/4"}],"replies":[{"embeddable":true,"href":"https:\/\/mernokvagyok.hu\/epitesi\/wp-json\/wp\/v2\/comments?post=2972"}],"version-history":[{"count":1,"href":"https:\/\/mernokvagyok.hu\/epitesi\/wp-json\/wp\/v2\/pages\/2972\/revisions"}],"predecessor-version":[{"id":2973,"href":"https:\/\/mernokvagyok.hu\/epitesi\/wp-json\/wp\/v2\/pages\/2972\/revisions\/2973"}],"wp:attachment":[{"href":"https:\/\/mernokvagyok.hu\/epitesi\/wp-json\/wp\/v2\/media?parent=2972"}],"curies":[{"name":"wp","href":"https:\/\/api.w.org\/{rel}","templated":true}]}}